{"id":2496,"date":"2023-03-22T16:10:31","date_gmt":"2023-03-22T16:10:31","guid":{"rendered":"https:\/\/www.horwimwandel.ch\/cms\/?page_id=2496"},"modified":"2023-04-28T13:49:41","modified_gmt":"2023-04-28T13:49:41","slug":"hand-in-hand","status":"publish","type":"page","link":"https:\/\/www.horwimwandel.ch\/cms\/das-buch\/hand-in-hand\/","title":{"rendered":"Hand in Hand"},"content":{"rendered":"\n<p><\/p>\n\n\n\n<h2 class=\"wp-block-heading\">Horwer h\u00e4lfed enand: Hilfe, die Mut macht<\/h2>\n\n\n\n<p><strong>Auch in Horw leben Menschen in knappen Verh\u00e4ltnissen. Eine Zahnarztrechnung oder eine neue Brille kann ihr Budget sprengen. Der Verein \u00abHorwer h\u00e4lfed enand\u00bb unterst\u00fctzt Menschen in Horw mit rascher, unb\u00fcrokratischer Hilfe. Nicht mehr mit Gutscheinen, sondern via E-Banking.<\/strong><\/p>\n\n\n\n<p>Der Verein \u00abHorwer h\u00e4lfed enand\u00bb hat seine Wurzeln bei der Winterhilfe Schweiz. Die Winterhilfe gab in Not geratenen Personen spezielle Einkaufsgutscheine ab, die in Gesch\u00e4ften in Horw eingel\u00f6st werden konnten. Bild vom Dorfmarkt mit Kilbi im Jahr 1986.<\/p>\n\n\n<div class=\"lightweight-accordion\"><details><summary class=\"lightweight-accordion-title\"><span>Weiterlesen<\/span><\/summary><div class=\"lightweight-accordion-body\">\n\n<h3 class=\"wp-block-heading\"><strong>Wurzeln bei der Winterhilfe<\/strong><\/h3>\n\n\n\n<p>Der Verein \u00abHorwer h\u00e4lfed enand\u00bb hat seine Wurzeln bei der Winterhilfe Schweiz. Diese entstand im Kontext der Wirtschaftskrise der 1930er-Jahre, in der viele Menschen ihre Arbeit verloren und weder f\u00fcr Kleidung noch f\u00fcr Obst Geld hatten. Menschen in Not zu unterst\u00fctzen, war auch das Ziel der F\u00fcrsorgekommission\/Winterhilfe Horw, die 1952 ins Leben gerufen wurde. 1988 wurde daraus die F\u00fcrsorgekommission \u00abHorwer h\u00e4lfed enand\u00bb. Der Motor dahinter war der damalige Leiter der Horwer AHV\/IV-Zweigstelle und ehemalige Sozialarbeiter Alfred M\u00fcller. 2011 sagte er im Blickpunkt: \u00abDie damalige Winterhilfe war nicht mehr zeitgem\u00e4ss. Wir verbilligten in der Vorweihnachtszeit \u00c4pfel, Kartoffeln oder Birnel und gaben in Not geratenen Personen spezielle Einkaufsgutscheine ab. Diese wurden h\u00e4ufig nicht eingel\u00f6st, weil sich die Betroffenen sch\u00e4mten, mit solchen Gutscheinen zu bezahlen.\u00bb M\u00fcller erkannte, dass man nicht so wirken konnte, wie man es sich w\u00fcnschte.<\/p>\n\n\n\n<div class=\"wp-block-media-text alignwide is-stacked-on-mobile\"><figure class=\"wp-block-media-text__media\"><a href=\"https:\/\/www.horwimwandel.ch\/cms\/wp-content\/uploads\/2023\/04\/Vereinsportraet.jpg\"><img loading=\"lazy\" decoding=\"async\" width=\"1500\" height=\"1000\" src=\"https:\/\/www.horwimwandel.ch\/cms\/wp-content\/uploads\/2023\/04\/Vereinsportraet.jpg\" alt=\"Der Vorstand des Vereins &quot;Horwer h\u00e4lfed enand&quot; im Oktober 2022. Von links: Irene Doppmann Koch, Martin Schelker, Judith Ehrler, Verena Studhalter, Peter Hruza und Susanne Heer (abtretende Pr\u00e4sidentin). Es fehlen Benedikt Wey und Romeo Zanini.\" class=\"wp-image-3383 size-full\" srcset=\"https:\/\/www.horwimwandel.ch\/cms\/wp-content\/uploads\/2023\/04\/Vereinsportraet.jpg 1500w, https:\/\/www.horwimwandel.ch\/cms\/wp-content\/uploads\/2023\/04\/Vereinsportraet-300x200.jpg 300w, https:\/\/www.horwimwandel.ch\/cms\/wp-content\/uploads\/2023\/04\/Vereinsportraet-768x512.jpg 768w, https:\/\/www.horwimwandel.ch\/cms\/wp-content\/uploads\/2023\/04\/Vereinsportraet-800x533.jpg 800w\" sizes=\"auto, (max-width: 1500px) 100vw, 1500px\" \/><\/a><\/figure><div class=\"wp-block-media-text__content\">\n<p><em>Der Vorstand des Vereins &#8222;Horwer h\u00e4lfed enand&#8220; im Oktober 2022. Von links: Irene Doppmann Koch, Martin Schelker, Judith Ehrler, Verena Studhalter, Peter Hruza und Susanne Heer (abtretende Pr\u00e4sidentin). Es fehlen Benedikt Wey und Romeo Zanini.<\/em><\/p>\n<\/div><\/div>\n\n\n\n<h3 class=\"wp-block-heading\"><strong>Spende f\u00fchrte zu Verein<\/strong><\/h3>\n\n\n\n<p>2014 wurde \u00abHorwer h\u00e4lfed enand\u00bb schliess\u00adlich zu einem Verein. Der Ausl\u00f6ser war eine gr\u00f6ssere Spende, erz\u00e4hlt die ehemalige Gemeinder\u00e4tin und aktuelle Vereinspr\u00e4sidentin <span class='tooltipsall tooltipsincontent classtoolTips9'>Susanne Heer:<\/span> \u00abEine Person aus Horw machte uns eine Schenkung \u00fcber 60&#8217;000 Franken. Daraufhin gr\u00fcndeten wir einen Verein, um eine klare Rechtsform zu haben.\u00bb Solch grosse Spenden sind die Ausnahme. Aber es gibt immer wieder Menschen, die gr\u00f6ssere Betr\u00e4ge spenden. \u00abDie Spendenbereitschaft ist nach wie vor gross\u00bb, freut sich Susanne Heer. Viele Menschen spenden jedes Jahr. Auch \u00fcber die Kirchen und Kollekten kommen gr\u00f6ssere Betr\u00e4ge zusammen. Den Grund daf\u00fcr sieht der Verein im bisherigen\u00ad Wirken. \u00abViele gute Menschen haben sich in den letzten Jahrzehnten stark engagiert\u00bb,\u00ad sagt Edith R\u00fcst-Kaufmann, ehemalige Mitarbeiterin der Sozialberatung der Gemeinde Horw. Edith R\u00fcst-Kaufmann arbeitete als Vertretung der Gemeinde Horw im Vorstand mit. \u00abMan vertraut uns. Daher bringt uns die Horwer Bev\u00f6lkerung grosses Wohlwollen entgegen. Dank dieses R\u00fcckhalts k\u00f6nnen wir Menschen in Not helfen und dazu beitragen, dass sie nicht auf Sozialhilfe angewiesen sind.\u00bb Was Horwerinnen und Horwer bisher spendeten, kam und kommt den in Not geratenen Personen direkt zugute. Der gesamte Vorstand arbeitet ehrenamtlich und gibt kaum Geld f\u00fcr Werbung aus.<\/p>\n\n<\/div><\/details><\/div>\n\n\n<h2 class=\"wp-block-heading\">Stiftung Br\u00e4ndi: Alles begann in einem kleinen Pavillon<\/h2>\n\n\n\n<p>Auf dem Grundst\u00fcck des Blindenheims Horw steht ein Pavillon. Darin betreuen zwei Gruppenleiter 12 Menschen mit einer Behinderung. So begann 1968 die Geschichte der Stiftung Br\u00e4ndi. Nur ein Jahr sp\u00e4ter war die Werkst\u00e4tte bereits \u00fcberbelegt. 1973 bewilligte der Grosse Rat des Kantons Luzern den Ausbau des Arbeitszentrums mit Wohnheim in Horw auf 180 Arbeits- und Eingliederungspl\u00e4tze und 80 Wohnpl\u00e4tze. 1976 er\u00f6ffnete die Stiftung Br\u00e4ndi in Horw ihr erstes Wohnhaus.<\/p>\n\n\n<div class=\"lightweight-accordion\"><details><summary class=\"lightweight-accordion-title\"><span>Weiterlesen<\/span><\/summary><div class=\"lightweight-accordion-body\">\n\n<h3 class=\"wp-block-heading\"><strong>Einer der gr\u00f6ssten Arbeitgeber<\/strong><\/h3>\n\n\n\n<p>Heute ist die Stiftung Br\u00e4ndi im Kanton Luzern an neun Standorten vertreten und ein leistungsf\u00e4higer Industriebetrieb, der im internationalen Markt besteht. F\u00fcr 220 Lernende ist sie ein Ausbildungszentrum. Die Stiftung Br\u00e4ndi betreibt drei Shops, eine G\u00e4rtnerei und drei Restaurants. In sechs Wohnh\u00e4usern wohnen 340 behinderte Menschen. Mit einer Belegschaft von 1&#8217;800 Personen ist die Stiftung Br\u00e4ndi einer der gr\u00f6ssten Arbeitgeber in der Zentralschweiz.<\/p>\n\n\n\n<figure class=\"wp-block-image size-large is-style-default\"><img loading=\"lazy\" decoding=\"async\" width=\"1329\" height=\"1024\" src=\"https:\/\/www.horwimwandel.ch\/cms\/wp-content\/uploads\/2023\/04\/arbeitsplatz_arbeitszentrum_braendi_1980_09.02-1329x1024.jpg\" alt=\"Stiftung Br\u00e4ndi, Arbeitsplatz um 1980.\" class=\"wp-image-3386\" srcset=\"https:\/\/www.horwimwandel.ch\/cms\/wp-content\/uploads\/2023\/04\/arbeitsplatz_arbeitszentrum_braendi_1980_09.02-1329x1024.jpg 1329w, https:\/\/www.horwimwandel.ch\/cms\/wp-content\/uploads\/2023\/04\/arbeitsplatz_arbeitszentrum_braendi_1980_09.02-300x231.jpg 300w, https:\/\/www.horwimwandel.ch\/cms\/wp-content\/uploads\/2023\/04\/arbeitsplatz_arbeitszentrum_braendi_1980_09.02-768x592.jpg 768w, https:\/\/www.horwimwandel.ch\/cms\/wp-content\/uploads\/2023\/04\/arbeitsplatz_arbeitszentrum_braendi_1980_09.02-1536x1184.jpg 1536w, https:\/\/www.horwimwandel.ch\/cms\/wp-content\/uploads\/2023\/04\/arbeitsplatz_arbeitszentrum_braendi_1980_09.02-800x617.jpg 800w, https:\/\/www.horwimwandel.ch\/cms\/wp-content\/uploads\/2023\/04\/arbeitsplatz_arbeitszentrum_braendi_1980_09.02-180x138.jpg 180w, https:\/\/www.horwimwandel.ch\/cms\/wp-content\/uploads\/2023\/04\/arbeitsplatz_arbeitszentrum_braendi_1980_09.02.jpg 1600w\" sizes=\"auto, (max-width: 1329px) 100vw, 1329px\" \/><figcaption class=\"wp-element-caption\">Stiftung Br\u00e4ndi, Arbeitsplatz um 1980.<\/figcaption><\/figure>\n\n\n\n<h3 class=\"wp-block-heading\"><strong>Woher kommt der Name \u00abBr\u00e4ndi\u00bb?<\/strong><\/h3>\n\n\n\n<p>Der mittlerweile kantonsweit bekannte Name \u00abBr\u00e4ndi\u00bb hat mit den Anf\u00e4ngen der Stiftung in Horw zu tun. Das Grundst\u00fcck, auf dem die Geb\u00e4ude der Stiftung Br\u00e4ndi in Horw stehen, hatte den Flurnamen \u00abBr\u00e4ndi\u00bb. Bei \u00abBr\u00e4ndi\u00bb handelt es sich um eine Weiterbildung des Worts \u00abBrand\u00bb, und zwar im Sinne von \u00abStelle, die durch Brandrodung urbar gemacht wurde\u00bb. Auch f\u00fcr den Namen \u00abBr\u00e4ndi\u00bb in Horw geht das Schweizerische Idiotikon davon aus, dass sich der Begriff auf brandgerodetes Gel\u00e4nde bezieht. Diese Rodungsart war besonders vom ausgehenden Mittelalter bis in die fr\u00fche Neuzeit hinein verbreitet.<\/p>\n\n<\/div><\/details><\/div>\n\n\n<h2 class=\"wp-block-heading\">Frauengemeinschaft: Oase im Alltag<\/h2>\n\n\n\n<p>Damals \u2013 im Januar 1878 \u2013 wurde die \u00abBruderschaft der M\u00fctter von Horw\u00bb gegr\u00fcndet. Schon sehr lange vor der Einf\u00fchrung des Frauenstimmrechts fanden unsere Gross- und Urgrossm\u00fctter eine Gruppe, die es ihnen erm\u00f6glichte, ab und zu die eigenen vier W\u00e4nde zu verlassen und mit Gleichgesinnten Erfahrungen aus dem Familienalltag auszutauschen. Hier erlebten sie, dass Frauen in Kursen und Vortr\u00e4gen gef\u00f6rdert wurden. Wissen, welches ihnen sonst nur schwer zug\u00e4nglich war.<\/p>\n\n\n<div class=\"lightweight-accordion\"><details><summary class=\"lightweight-accordion-title\"><span>Weiterlesen<\/span><\/summary><div class=\"lightweight-accordion-body\">\n\n<figure class=\"wp-block-image size-large is-style-default\"><img loading=\"lazy\" decoding=\"async\" width=\"1024\" height=\"567\" src=\"https:\/\/www.horwimwandel.ch\/cms\/wp-content\/uploads\/2023\/03\/frauengemeinschaft_horw-1024x567.jpg\" alt=\"\" class=\"wp-image-2197\" srcset=\"https:\/\/www.horwimwandel.ch\/cms\/wp-content\/uploads\/2023\/03\/frauengemeinschaft_horw-1024x567.jpg 1024w, https:\/\/www.horwimwandel.ch\/cms\/wp-content\/uploads\/2023\/03\/frauengemeinschaft_horw-300x166.jpg 300w, https:\/\/www.horwimwandel.ch\/cms\/wp-content\/uploads\/2023\/03\/frauengemeinschaft_horw-768x425.jpg 768w, https:\/\/www.horwimwandel.ch\/cms\/wp-content\/uploads\/2023\/03\/frauengemeinschaft_horw-1536x851.jpg 1536w, https:\/\/www.horwimwandel.ch\/cms\/wp-content\/uploads\/2023\/03\/frauengemeinschaft_horw-800x443.jpg 800w, https:\/\/www.horwimwandel.ch\/cms\/wp-content\/uploads\/2023\/03\/frauengemeinschaft_horw.jpg 2000w\" sizes=\"auto, (max-width: 1024px) 100vw, 1024px\" \/><figcaption class=\"wp-element-caption\">Vorstandsmitglieder 2019 (von links): Sandra Studhalter, Roland Wermuth (Pr\u00e4ses), Paula Triponez, Clara Buholzer, Astrid B\u00e4chler, Astrid Stalder (Pr\u00e4sidium), Moni H\u00f6nger. Es fehlt: Sibylle Sch\u00fcrmann.<\/figcaption><\/figure>\n\n\n\n<h3 class=\"wp-block-heading\"><strong>Angebote f\u00fcr alle Generationen<\/strong><\/h3>\n\n\n\n<p>Heute \u2013 da geh\u00f6rt professionelle Bildung l\u00e4ngst zum Alltag. Einige Anliegen des \u00abFrauen- und M\u00fcttervereins\u00bb, so der Name sp\u00e4ter, sind gesellschaftlich und kirchlich verwirklicht worden. Hierf\u00fcr sind die Frauen nicht mehr auf die heutige \u00abFrauengemeinschaft\u00bb angewiesen. Der Spagat zwischen Beruf und Familie ist eine grosse Herausforderung, welche eine aktive Teilnahme am Vereinsleben eher erschwert. Und doch z\u00e4hlt der Verein auch nach \u00fcber 140 Jahren zu den gr\u00f6ssten in Horw. Weltliche Angebote f\u00fcr alle Generationen geh\u00f6ren ebenso zum Angebot wie spirituelle. Ein eigener Fonds unterst\u00fctzt Frauen in Not, und mit der Bewirtschaftung eines B\u00fccherschranks leisten wir einen Beitrag f\u00fcr Frau und Mann. Die Frauengemeinschaft versteht sich, damals wie heute, als eine Oase im Alltag.<\/p>\n\n\n\n<p><em>Astrid Stalder, Vorstand Frauengemeinschaft Horw<\/em><\/p>\n\n<\/div><\/details><\/div>\n\n\n<h2 class=\"wp-block-heading\">Blinden-F\u00fcrsorge-Verein Innerschweiz BFVI: Lange Suche nach einem Standort<\/h2>\n\n\n\n<p>Der Blinden-F\u00fcrsorge-Verein Innerschweiz BFVI wurde 1906 von Luzerner B\u00fcrgern und Politikern mithilfe der Baldeggerschwes\u00adtern gegr\u00fcndet. Lange suchte der Verein nach einem geeigneten Grundst\u00fcck f\u00fcr die Errichtung eines Blindenheims, ehe er 1919 die Liegenschaft des ehemaligen Handelsinstituts Merkur bei der Waldegg f\u00fcr 132&#8217;000 Franken erwerben und zwei Jahre sp\u00e4ter das Blindenheim und die Blindenwerkst\u00e4tte Horw mit 22 Arbeitspl\u00e4tzen er\u00f6ffnen konnte. 1935 konnte der Verein auf demselben Gel\u00e4nde das \u00abLuzernische Blinden-Altersheim\u00bb dem Betrieb \u00fcbergeben.<\/p>\n\n\n<div class=\"lightweight-accordion\"><details><summary class=\"lightweight-accordion-title\"><span>Weiterlesen<\/span><\/summary><div class=\"lightweight-accordion-body\">\n\n<figure class=\"wp-block-image size-large is-style-default\"><img loading=\"lazy\" decoding=\"async\" width=\"1024\" height=\"708\" src=\"https:\/\/www.horwimwandel.ch\/cms\/wp-content\/uploads\/2023\/03\/Luzernisches-Blinden-Altersheim-1935-1024x708.jpg\" alt=\"\" class=\"wp-image-2239\" srcset=\"https:\/\/www.horwimwandel.ch\/cms\/wp-content\/uploads\/2023\/03\/Luzernisches-Blinden-Altersheim-1935-1024x708.jpg 1024w, https:\/\/www.horwimwandel.ch\/cms\/wp-content\/uploads\/2023\/03\/Luzernisches-Blinden-Altersheim-1935-300x207.jpg 300w, https:\/\/www.horwimwandel.ch\/cms\/wp-content\/uploads\/2023\/03\/Luzernisches-Blinden-Altersheim-1935-768x531.jpg 768w, https:\/\/www.horwimwandel.ch\/cms\/wp-content\/uploads\/2023\/03\/Luzernisches-Blinden-Altersheim-1935-1536x1061.jpg 1536w, https:\/\/www.horwimwandel.ch\/cms\/wp-content\/uploads\/2023\/03\/Luzernisches-Blinden-Altersheim-1935-800x553.jpg 800w, https:\/\/www.horwimwandel.ch\/cms\/wp-content\/uploads\/2023\/03\/Luzernisches-Blinden-Altersheim-1935.jpg 2000w\" sizes=\"auto, (max-width: 1024px) 100vw, 1024px\" \/><figcaption class=\"wp-element-caption\">Das \u00abLuzernische Blinden-Altersheim\u00bb im neuen Glanz (1935).<\/figcaption><\/figure>\n\n\n\n<p><strong>Bazar f\u00fcr Cafeteria<\/strong><\/p>\n\n\n\n<p>Wie gross die Unterst\u00fctzung aus der Horwer Bev\u00f6lkerung f\u00fcr das Blindenheim war, zeigte sich 40 Jahre sp\u00e4ter, als ein erweiterter Neubau der Anlagen des Blinden-F\u00fcrsorge-Vereins Innerschweiz BFVI unumg\u00e4nglich wurde. Der Frauen- und M\u00fctterverein Horw f\u00fchrte zugunsten dieses Vorhabens einen grossen Bazar durch \u2013 mit dem Erl\u00f6s konnte die gesamte Einrichtung der neuen Cafeteria finanziert werden!<\/p>\n\n\n\n<figure class=\"wp-block-image size-large is-style-default\"><img decoding=\"async\" src=\"https:\/\/www.horwimwandel.ch\/cms\/wp-content\/uploads\/2020\/09\/Neubau-1976-1024x670.jpg\" alt=\"\" class=\"wp-image-1110\"\/><figcaption class=\"wp-element-caption\">Der Neubau des  Blinden-F\u00fcrsorge-Vereins Innerschweiz nach der Er\u00f6ffnung im Jahr 1976.<\/figcaption><\/figure>\n\n\n\n<h3 class=\"wp-block-heading\"><strong>Beitrag zur Altersversorgung<\/strong><\/h3>\n\n\n\n<p>Bis heute darf der BFVI mit seinen 155 Fachmitarbeitenden und rund 85 Mitarbeitenden in gesch\u00fctzten Arbeitspl\u00e4tzen immer wieder auf die Unterst\u00fctzung und das Wohlwollen der Horwer Bev\u00f6lkerung z\u00e4hlen. Bei \u00f6ffentlichen Bauten wird auf die Bed\u00fcrfnisse der blinden und sehbehinderten Mitbewohnenden R\u00fccksicht genommen. Zudem bestehen viele pers\u00f6nliche Verbindungen zum Pflegeheim und Wohnheim, leben doch momentan nicht weniger als 46 Einwohnerinnen und Einwohner aus Horw im Pflegeheim des BFVI. Damit leisten wir einen wesentlichen Beitrag zur Altersversorgung der Gemeinde. Bekannt ist der BFVI auch f\u00fcr die hochwertigen Besen, B\u00fcrsten und Korbwaren, die im Werkstattladen gekauft werden k\u00f6nnen. In der Montageabteilung werden unter anderem regelm\u00e4ssig die Abstimmungsunterlagen f\u00fcr die Gemeinde in die Couverts gesteckt.<\/p>\n\n\n\n<p>Doris Amrhein, Direktorin BFVI<\/p>\n\n\n\n<p><\/p>\n\n\n\n<div class=\"wp-block-group has-background\" style=\"background-color:#eaeaea\"><div class=\"wp-block-group__inner-container is-layout-flow wp-block-group-is-layout-flow\">\n<h4 class=\"wp-block-heading\">EXKURS ZUM MERKUR<\/h4>\n\n\n\n<p><em>\u00abEingangs des Ortes befindet sich das Handelsinstitut Merkur, in welchem za. 50 J\u00fcnglinge, vorwiegend italienischer Zunge, unter t\u00fcchtiger Leitung eine gr\u00fcndliche Vorbereitung f\u00fcr Sprachen, Handel und Verkehr erhalten, w\u00e4hrend dorfeinw\u00e4rts der grosse Spielplatz des Instituts der Pflege eines gesunden Sportes gen\u00fcgend Raum bietet.\u00bb<\/em><\/p>\n\n\n\n<p><em>Raphael Reinhard, 1912<\/em><\/p>\n<\/div><\/div>\n\n<\/div><\/details><\/div><script type=\"text\/javascript\"> toolTips('.classtoolTips9','<img class=\"alignnone size-medium wp-image-3004\" src=\"https:\/\/www.horwimwandel.ch\/cms\/wp-content\/uploads\/2023\/04\/Susanne-Heer-300x200.jpg\" alt=\"\" width=\"300\" height=\"200\" \/><br\/><br\/>Susanne Heer, ehemalige Pflegefachfrau und Gemeinder\u00e4tin, Jahrgang 1949.<br\/><br\/>&nbsp;'); <\/script>","protected":false},"excerpt":{"rendered":"<p>Horwer h\u00e4lfed enand: Hilfe, die Mut macht Auch in Horw leben Menschen in knappen Verh\u00e4ltnissen. Eine Zahnarztrechnung oder eine neue Brille kann ihr Budget sprengen. Der Verein \u00abHorwer h\u00e4lfed enand\u00bb unterst\u00fctzt Menschen in Horw mit rascher, unb\u00fcrokratischer Hilfe. Nicht mehr mit Gutscheinen, sondern via E-Banking. Der Verein \u00abHorwer h\u00e4lfed enand\u00bb hat seine Wurzeln bei der Winterhilfe Schweiz. Die Winterhilfe gab in Not geratenen Personen spezielle Einkaufsgutscheine ab, die in Gesch\u00e4ften in Horw eingel\u00f6st werden konnten. Bild vom Dorfmarkt mit Kilbi im Jahr 1986. Stiftung Br\u00e4ndi: Alles begann in einem kleinen Pavillon Auf dem Grundst\u00fcck des Blindenheims Horw steht ein Pavillon. Darin betreuen zwei Gruppenleiter 12 Menschen mit einer Behinderung. So begann 1968 die Geschichte der Stiftung Br\u00e4ndi. Nur ein Jahr sp\u00e4ter war die Werkst\u00e4tte bereits \u00fcberbelegt. 1973 bewilligte der Grosse Rat des Kantons Luzern den Ausbau des Arbeitszentrums mit Wohnheim in Horw auf 180 Arbeits- und Eingliederungspl\u00e4tze und 80 Wohnpl\u00e4tze. 1976 er\u00f6ffnete die Stiftung Br\u00e4ndi in Horw ihr erstes Wohnhaus. Frauengemeinschaft: Oase im Alltag Damals \u2013 im Januar 1878 \u2013 wurde die \u00abBruderschaft der M\u00fctter von Horw\u00bb gegr\u00fcndet. Schon sehr lange vor der Einf\u00fchrung des Frauenstimmrechts fanden unsere Gross- und Urgrossm\u00fctter eine Gruppe, die es ihnen erm\u00f6glichte, ab und zu die eigenen vier W\u00e4nde zu verlassen und mit Gleichgesinnten Erfahrungen aus dem Familienalltag auszutauschen. Hier erlebten sie, dass Frauen in Kursen und Vortr\u00e4gen gef\u00f6rdert wurden. Wissen, welches ihnen sonst nur schwer zug\u00e4nglich war. Blinden-F\u00fcrsorge-Verein Innerschweiz BFVI: Lange Suche nach einem Standort Der Blinden-F\u00fcrsorge-Verein Innerschweiz BFVI wurde 1906 von Luzerner B\u00fcrgern und Politikern mithilfe der Baldeggerschwes\u00adtern gegr\u00fcndet. Lange suchte der Verein nach einem geeigneten Grundst\u00fcck f\u00fcr die Errichtung eines Blindenheims, ehe er 1919 die Liegenschaft des ehemaligen Handelsinstituts Merkur bei der Waldegg f\u00fcr 132&#8217;000 Franken erwerben und zwei Jahre sp\u00e4ter das Blindenheim und die Blindenwerkst\u00e4tte Horw mit 22 Arbeitspl\u00e4tzen er\u00f6ffnen konnte. 1935 konnte der Verein auf demselben Gel\u00e4nde das \u00abLuzernische Blinden-Altersheim\u00bb dem Betrieb \u00fcbergeben.<\/p>\n","protected":false},"author":1,"featured_media":0,"parent":2445,"menu_order":8,"comment_status":"closed","ping_status":"closed","template":"","meta":{"footnotes":""},"class_list":["post-2496","page","type-page","status-publish","hentry"],"_links":{"self":[{"href":"https:\/\/www.horwimwandel.ch\/cms\/wp-json\/wp\/v2\/pages\/2496","targetHints":{"allow":["GET"]}}],"collection":[{"href":"https:\/\/www.horwimwandel.ch\/cms\/wp-json\/wp\/v2\/pages"}],"about":[{"href":"https:\/\/www.horwimwandel.ch\/cms\/wp-json\/wp\/v2\/types\/page"}],"author":[{"embeddable":true,"href":"https:\/\/www.horwimwandel.ch\/cms\/wp-json\/wp\/v2\/users\/1"}],"replies":[{"embeddable":true,"href":"https:\/\/www.horwimwandel.ch\/cms\/wp-json\/wp\/v2\/comments?post=2496"}],"version-history":[{"count":4,"href":"https:\/\/www.horwimwandel.ch\/cms\/wp-json\/wp\/v2\/pages\/2496\/revisions"}],"predecessor-version":[{"id":3453,"href":"https:\/\/www.horwimwandel.ch\/cms\/wp-json\/wp\/v2\/pages\/2496\/revisions\/3453"}],"up":[{"embeddable":true,"href":"https:\/\/www.horwimwandel.ch\/cms\/wp-json\/wp\/v2\/pages\/2445"}],"wp:attachment":[{"href":"https:\/\/www.horwimwandel.ch\/cms\/wp-json\/wp\/v2\/media?parent=2496"}],"curies":[{"name":"wp","href":"https:\/\/api.w.org\/{rel}","templated":true}]}}