{"id":2831,"date":"2023-04-26T08:37:52","date_gmt":"2023-04-26T08:37:52","guid":{"rendered":"https:\/\/www.horwimwandel.ch\/cms\/?page_id=2831"},"modified":"2023-05-03T06:53:44","modified_gmt":"2023-05-03T06:53:44","slug":"schulgeschichten","status":"publish","type":"page","link":"https:\/\/www.horwimwandel.ch\/cms\/horwer-fundstuecke\/schulgeschichten\/","title":{"rendered":"Schulgeschichten"},"content":{"rendered":"\n<h1 class=\"wp-block-heading\">Schulgeschichten<\/h1>\n\n\n<div class=\"lightweight-accordion\"><details><summary class=\"lightweight-accordion-title\"><span><i class=\"fas fa-video\"><\/i> Juhui, die Schule ist aus! (1938)<\/span><\/summary><div class=\"lightweight-accordion-body\">\n\n<p>Aufnahme vom Hofmattschulhaus, ca. aus dem Jahr 1938<\/p>\n\n\n\n<figure class=\"wp-block-embed is-type-video is-provider-youtube wp-block-embed-youtube wp-embed-aspect-4-3 wp-has-aspect-ratio\"><div class=\"wp-block-embed__wrapper\">\n<iframe loading=\"lazy\" title=\"Juhui, die Schule ist aus! Hofmattschulhaus, ca. 1938\" width=\"500\" height=\"375\" src=\"https:\/\/www.youtube.com\/embed\/pXIFqBMpYUo?feature=oembed\" frameborder=\"0\" allow=\"accelerometer; autoplay; clipboard-write; encrypted-media; gyroscope; picture-in-picture; web-share\" referrerpolicy=\"strict-origin-when-cross-origin\" allowfullscreen><\/iframe>\n<\/div><\/figure>\n\n<\/div><\/details><\/div>\n\n<div class=\"lightweight-accordion\"><details><summary class=\"lightweight-accordion-title\"><span><i class=\"fas fa-microphone-lines\"><\/i> Ida D\u00f6rig \u2013 Freuden und Leiden in der Arbeitsschule (1999)<\/span><\/summary><div class=\"lightweight-accordion-body\">\n\n<p>Ausstellung \u00abEin Barsch im Seitenfluss\u00bb, 1999<\/p>\n\n\n\n<figure class=\"wp-block-audio\"><audio controls src=\"https:\/\/www.horwimwandel.ch\/cms\/wp-content\/uploads\/2023\/04\/ida_doerig_in_der_schule_b5.mp3\"><\/audio><\/figure>\n\n<\/div><\/details><\/div>\n\n<div class=\"lightweight-accordion\"><details><summary class=\"lightweight-accordion-title\"><span><i class=\"fas fa-video\"><\/i> Schulhaus Kastanienbaum \u2013 was uns Kindern hier gef\u00e4llt (2002)<\/span><\/summary><div class=\"lightweight-accordion-body\">\n\n<p>Intro aus dem Film \u00ab60 Jahre Schulgeschichte Kastanienbaum\u00bb<\/p>\n\n\n\n<figure class=\"wp-block-embed is-type-video is-provider-youtube wp-block-embed-youtube wp-embed-aspect-4-3 wp-has-aspect-ratio\"><div class=\"wp-block-embed__wrapper\">\n<iframe loading=\"lazy\" title=\"Schulhaus Kastanienbaum - was uns Kindern hier gef\u00e4llt (2002)\" width=\"500\" height=\"375\" src=\"https:\/\/www.youtube.com\/embed\/lBIRpfoCOnI?feature=oembed\" frameborder=\"0\" allow=\"accelerometer; autoplay; clipboard-write; encrypted-media; gyroscope; picture-in-picture; web-share\" referrerpolicy=\"strict-origin-when-cross-origin\" allowfullscreen><\/iframe>\n<\/div><\/figure>\n\n<\/div><\/details><\/div>\n\n<div class=\"lightweight-accordion\"><details><summary class=\"lightweight-accordion-title\"><span><i class=\"far fa-file-lines\"><\/i> Horw baut Sch\u00fclerhorte aus \u2013 auf Druck der Eltern (Aufnahme 2017)<\/span><\/summary><div class=\"lightweight-accordion-body\">\n\n<div class=\"wp-block-media-text alignwide is-stacked-on-mobile is-vertically-aligned-top\" style=\"grid-template-columns:25% auto\"><figure class=\"wp-block-media-text__media\"><a href=\"https:\/\/www.horwimwandel.ch\/cms\/wp-content\/uploads\/2023\/04\/201709-Horw-baut-Schuelerhorte-aus-auf-Druck-der-Eltern-hin-32851825.jpg\"><img loading=\"lazy\" decoding=\"async\" width=\"698\" height=\"1024\" src=\"https:\/\/www.horwimwandel.ch\/cms\/wp-content\/uploads\/2023\/04\/201709-Horw-baut-Schuelerhorte-aus-auf-Druck-der-Eltern-hin-32851825-698x1024.jpg\" alt=\"\" class=\"wp-image-2841 size-full\" srcset=\"https:\/\/www.horwimwandel.ch\/cms\/wp-content\/uploads\/2023\/04\/201709-Horw-baut-Schuelerhorte-aus-auf-Druck-der-Eltern-hin-32851825-698x1024.jpg 698w, https:\/\/www.horwimwandel.ch\/cms\/wp-content\/uploads\/2023\/04\/201709-Horw-baut-Schuelerhorte-aus-auf-Druck-der-Eltern-hin-32851825-204x300.jpg 204w, https:\/\/www.horwimwandel.ch\/cms\/wp-content\/uploads\/2023\/04\/201709-Horw-baut-Schuelerhorte-aus-auf-Druck-der-Eltern-hin-32851825-768x1127.jpg 768w, https:\/\/www.horwimwandel.ch\/cms\/wp-content\/uploads\/2023\/04\/201709-Horw-baut-Schuelerhorte-aus-auf-Druck-der-Eltern-hin-32851825-1046x1536.jpg 1046w, https:\/\/www.horwimwandel.ch\/cms\/wp-content\/uploads\/2023\/04\/201709-Horw-baut-Schuelerhorte-aus-auf-Druck-der-Eltern-hin-32851825-800x1174.jpg 800w, https:\/\/www.horwimwandel.ch\/cms\/wp-content\/uploads\/2023\/04\/201709-Horw-baut-Schuelerhorte-aus-auf-Druck-der-Eltern-hin-32851825.jpg 1261w\" sizes=\"auto, (max-width: 698px) 100vw, 698px\" \/><\/a><\/figure><div class=\"wp-block-media-text__content\">\n<p>Horw will die Sch\u00fclerhorte ausbauen. Das Betreuungsangebot f\u00fcr Sch\u00fclerinnen und Sch\u00fcler ist in Horw weniger gut ausgebaut als in den Nachbargemeinden. Das will der Gemeinderat nun \u00e4ndern \u2013 auch dank dem Druck der Eltern. Luzerner Zeitung, 6. Oktober 2017.<br><br><i class=\"fas fa-arrow-left-long\"><\/i> Zum vergr\u00f6ssern Bild anklicken<\/p>\n<\/div><\/div>\n\n\n\n<p><\/p>\n\n<\/div><\/details><\/div>\n\n<div class=\"lightweight-accordion\"><details><summary class=\"lightweight-accordion-title\"><span><i class=\"fas fa-microphone-lines\"><\/i> Edi Lang \u2013 ein Schulhaus versinkt im Sumpf (Aufnahme 2021)<\/span><\/summary><div class=\"lightweight-accordion-body\">\n\n<p>Ausschnitt aus dem Erz\u00e4hlcaf\u00e9 \u00abAus der Schule geplaudert\u00bb, 30. Mai 2021<\/p>\n\n\n\n<figure class=\"wp-block-audio\"><audio controls src=\"https:\/\/www.horwimwandel.ch\/cms\/wp-content\/uploads\/2023\/04\/ausderschulegeplaudert_edi_lang_schulhaus_konstruktionsfehler.mp3\"><\/audio><\/figure>\n\n<\/div><\/details><\/div>\n\n<div class=\"lightweight-accordion\"><details><summary class=\"lightweight-accordion-title\"><span><i class=\"fas fa-microphone-lines\"><\/i> Edi Lang \u2013 zur Entwicklung der Sch\u00fclerzahlen in Horw (Aufnahme 2021)<\/span><\/summary><div class=\"lightweight-accordion-body\">\n\n<p>Ausschnitt aus dem Erz\u00e4hlcaf\u00e9 \u00abAus der Schule geplaudert\u00bb, 30. Mai 2021<\/p>\n\n\n\n<figure class=\"wp-block-audio\"><audio controls src=\"https:\/\/www.horwimwandel.ch\/cms\/wp-content\/uploads\/2023\/04\/ausderschulegeplaudert_edi_lang_schuelerzahlen_entwicklung.mp3\"><\/audio><\/figure>\n\n<\/div><\/details><\/div>\n\n<div class=\"lightweight-accordion\"><details><summary class=\"lightweight-accordion-title\"><span><i class=\"fas fa-microphone-lines\"><\/i> Edi Lang \u2013 Wie Horw damals Lehrpersonen anstellte (Aufnahme 2021)<\/span><\/summary><div class=\"lightweight-accordion-body\">\n\n<p>Ausschnitt aus dem Erz\u00e4hlcaf\u00e9 \u00abAus der Schule geplaudert\u00bb, 30. Mai 2021<\/p>\n\n\n\n<figure class=\"wp-block-audio\"><audio controls src=\"https:\/\/www.horwimwandel.ch\/cms\/wp-content\/uploads\/2023\/04\/ausderschulegeplaudert_edi_lang_anstelllung_lehrpersonen.mp3\"><\/audio><\/figure>\n\n<\/div><\/details><\/div>\n\n<div class=\"lightweight-accordion\"><details><summary class=\"lightweight-accordion-title\"><span><i class=\"fas fa-microphone-lines\"><\/i> Esther Kurmann \u2013 Wie ich Lehrerin geworden bin (Aufnahme 2021)<\/span><\/summary><div class=\"lightweight-accordion-body\">\n\n<p>Esther Kurmann, Primarlehrerin, Ausschnitt aus dem Erz\u00e4hlcaf\u00e9 \u00abAus der Schule geplaudert\u00bb, 30. Mai 2021<\/p>\n\n\n\n<figure class=\"wp-block-audio\"><audio controls src=\"https:\/\/www.horwimwandel.ch\/cms\/wp-content\/uploads\/2023\/04\/ausderschulegeplaudert_esther_kurman_berufswunsch_lehrerin.mp3\"><\/audio><\/figure>\n\n<\/div><\/details><\/div>\n\n<div class=\"lightweight-accordion\"><details><summary class=\"lightweight-accordion-title\"><span><i class=\"fas fa-microphone-lines\"><\/i> Esther Kurmann \u2013 Lesen und Schreiben lehren (Aufnahme 2021)<\/span><\/summary><div class=\"lightweight-accordion-body\">\n\n<p>Esther Kurmann, Primarlehrerin, Ausschnitt aus dem Erz\u00e4hlcaf\u00e9 \u00abAus der Schule geplaudert\u00bb, 30. Mai 2021<\/p>\n\n\n\n<figure class=\"wp-block-audio\"><audio controls src=\"https:\/\/www.horwimwandel.ch\/cms\/wp-content\/uploads\/2023\/04\/ausderschulegeplaudert_esther_kurman_lesenundschreiben_lehren.mp3\"><\/audio><\/figure>\n\n<\/div><\/details><\/div>\n\n<div class=\"lightweight-accordion\"><details><summary class=\"lightweight-accordion-title\"><span><i class=\"fas fa-microphone-lines\"><\/i> Esther Kurmann \u2013 Lesen und Schreiben lernen (Aufnahme 2021)<\/span><\/summary><div class=\"lightweight-accordion-body\">\n\n<p>Esther Kurmann, Primarlehrerin, Ausschnitt aus dem Erz\u00e4hlcaf\u00e9 \u00abAus der Schule geplaudert\u00bb, 30. Mai 2021<\/p>\n\n\n\n<figure class=\"wp-block-audio\"><audio controls src=\"https:\/\/www.horwimwandel.ch\/cms\/wp-content\/uploads\/2023\/04\/ausderschulegeplaudert_esther_kurman_lesenundschreiben_lernen.mp3\"><\/audio><\/figure>\n\n<\/div><\/details><\/div>\n\n<div class=\"lightweight-accordion\"><details><summary class=\"lightweight-accordion-title\"><span><i class=\"fas fa-microphone-lines\"><\/i> Esther Kurmann \u2013 Teilpensum (Aufnahme 2021)<\/span><\/summary><div class=\"lightweight-accordion-body\">\n\n<p>Esther Kurmann, Primarlehrerin, Ausschnitt aus dem Erz\u00e4hlcaf\u00e9 \u00abAus der Schule geplaudert\u00bb, 30. Mai 2021<\/p>\n\n\n\n<figure class=\"wp-block-audio\"><audio controls src=\"https:\/\/www.horwimwandel.ch\/cms\/wp-content\/uploads\/2023\/04\/ausderschulegeplaudert_esther_kurman_teilpensum.mp3\"><\/audio><\/figure>\n\n<\/div><\/details><\/div>\n\n<div class=\"lightweight-accordion\"><details><summary class=\"lightweight-accordion-title\"><span><i class=\"fas fa-microphone-lines\"><\/i> Esther Kurmann \u2013 Kastanienbaum (Aufnahme 2021)<\/span><\/summary><div class=\"lightweight-accordion-body\">\n\n<p>Esther Kurmann, Primarlehrerin, Ausschnitt aus dem Erz\u00e4hlcaf\u00e9 \u00abAus der Schule geplaudert\u00bb, 30. Mai 2021<\/p>\n\n\n\n<figure class=\"wp-block-audio\"><audio controls src=\"https:\/\/www.horwimwandel.ch\/cms\/wp-content\/uploads\/2023\/04\/ausderschulegeplaudert_esther_kurman_bewerbung_kastanienbaum.mp3\"><\/audio><\/figure>\n\n<\/div><\/details><\/div>\n\n<div class=\"lightweight-accordion\"><details><summary class=\"lightweight-accordion-title\"><span><i class=\"fas fa-microphone-lines\"><\/i> Hedi Bischofberger \u2013 Pionierin im Lehrberuf (Aufnahme 2021)<\/span><\/summary><div class=\"lightweight-accordion-body\">\n\n<p>Hedi Bischofberger, Primarlehrerin, Jahrgang 1931, gestorben 2021, Ausschnitt aus dem Erz\u00e4hlcaf\u00e9 \u00abAus der Schule geplaudert\u00bb, 30. Mai 2021<\/p>\n\n\n\n<figure class=\"wp-block-audio\"><audio controls src=\"https:\/\/www.horwimwandel.ch\/cms\/wp-content\/uploads\/2023\/04\/ausderschulegeplaudert_hedi_bischofsberger_berufswahl.mp3\"><\/audio><\/figure>\n\n<\/div><\/details><\/div>\n\n<div class=\"lightweight-accordion\"><details><summary class=\"lightweight-accordion-title\"><span><i class=\"fas fa-microphone-lines\"><\/i> Hedi Bischofberger \u2013 Einf\u00fchrung Teilzeitstellen (Aufnahme 2021)<\/span><\/summary><div class=\"lightweight-accordion-body\">\n\n<p>Hedi Bischofberger, Primarlehrerin, Jahrgang 1931, gestorben 2021, Ausschnitt aus dem Erz\u00e4hlcaf\u00e9 \u00abAus der Schule geplaudert\u00bb, 30. Mai 2021<\/p>\n\n\n\n<figure class=\"wp-block-audio\"><audio controls src=\"https:\/\/www.horwimwandel.ch\/cms\/wp-content\/uploads\/2023\/04\/ausderschulegeplaudert_hedi_bischofsberger_einfuehrung_teilzeitstellen.mp3\"><\/audio><\/figure>\n\n<\/div><\/details><\/div>\n\n<div class=\"lightweight-accordion\"><details><summary class=\"lightweight-accordion-title\"><span><i class=\"fas fa-microphone-lines\"><\/i> Hedi Bischofberger \u2013 Rockzwang f\u00fcr turnende M\u00e4dchen (Aufnahme 2021)<\/span><\/summary><div class=\"lightweight-accordion-body\">\n\n<p>Hedi Bischofberger, Primarlehrerin, Jahrgang 1931, gestorben 2021, Ausschnitt aus dem Erz\u00e4hlcaf\u00e9 \u00abAus der Schule geplaudert\u00bb, 30. Mai 2021<\/p>\n\n\n\n<figure class=\"wp-block-audio\"><audio controls src=\"https:\/\/www.horwimwandel.ch\/cms\/wp-content\/uploads\/2023\/04\/ausderschulegeplaudert_hedi_bischofsberger_kleiderbeimturnen.mp3\"><\/audio><\/figure>\n\n<\/div><\/details><\/div>\n\n<div class=\"lightweight-accordion\"><details><summary class=\"lightweight-accordion-title\"><span><i class=\"fas fa-microphone-lines\"><\/i> Hedi Bischofberger \u2013 Heirat als K\u00fcndigungsgrund (Aufnahme 2021)<\/span><\/summary><div class=\"lightweight-accordion-body\">\n\n<p> Hedi Bischofberger, Primarlehrerin, Jahrgang 1931, gestorben 2021, Ausschnitt aus dem Erz\u00e4hlcaf\u00e9 \u00abAus der Schule geplaudert\u00bb, 30. Mai 2021<\/p>\n\n\n\n<figure class=\"wp-block-audio\"><audio controls src=\"https:\/\/www.horwimwandel.ch\/cms\/wp-content\/uploads\/2023\/04\/ausderschulegeplaudert_hedi_bischofsberger_kuendigungnachhochzeit.mp3\"><\/audio><\/figure>\n\n<\/div><\/details><\/div>\n\n<div class=\"lightweight-accordion\"><details><summary class=\"lightweight-accordion-title\"><span><i class=\"fas fa-microphone-lines\"><\/i> Hedi Bischofberger \u2013 Provisorium W\u00e4scherei (Aufnahme 2021)<\/span><\/summary><div class=\"lightweight-accordion-body\">\n\n<p>Hedi Bischofberger, Primarlehrerin, Jahrgang 1931, gestorben 2021, Ausschnitt aus dem Erz\u00e4hlcaf\u00e9 \u00abAus der Schule geplaudert\u00bb, 30. Mai 2021<\/p>\n\n\n\n<figure class=\"wp-block-audio\"><audio controls src=\"https:\/\/www.horwimwandel.ch\/cms\/wp-content\/uploads\/2023\/04\/ausderschulegeplaudert_hedi_bischofsberger_provisorium_waescherei.mp3\"><\/audio><\/figure>\n\n<\/div><\/details><\/div>\n\n<div class=\"lightweight-accordion\"><details><summary class=\"lightweight-accordion-title\"><span><i class=\"fas fa-microphone-lines\"><\/i> Hedi Bischofberger \u2013 Schulhaus Hofmatt (Aufnahme 2021)<\/span><\/summary><div class=\"lightweight-accordion-body\">\n\n<p>Hedi Bischofberger, Primarlehrerin, Jahrgang 1931, gestorben 2021, Ausschnitt aus dem Erz\u00e4hlcaf\u00e9 \u00abAus der Schule geplaudert\u00bb, 30. Mai 2021<\/p>\n\n\n\n<figure class=\"wp-block-audio\"><audio controls src=\"https:\/\/www.horwimwandel.ch\/cms\/wp-content\/uploads\/2023\/04\/ausderschulegeplaudert_hedi_bischofsberger_schulhaus_hofmatt.mp3\"><\/audio><\/figure>\n\n<\/div><\/details><\/div>\n\n<div class=\"lightweight-accordion\"><details><summary class=\"lightweight-accordion-title\"><span><i class=\"fas fa-microphone-lines\"><\/i> Hedi Bischofberger \u2013 Lohndumping bei Frauen (Aufnahme 2021)<\/span><\/summary><div class=\"lightweight-accordion-body\">\n\n<p>Hedi Bischofberger, Primarlehrerin, Jahrgang 1931, gestorben 2021, Ausschnitt aus dem Erz\u00e4hlcaf\u00e9 \u00abAus der Schule geplaudert\u00bb, 30. Mai 2021<\/p>\n\n\n\n<figure class=\"wp-block-audio\"><audio controls src=\"https:\/\/www.horwimwandel.ch\/cms\/wp-content\/uploads\/2023\/04\/ausderschulegeplaudert_hedi_bischofsberger_tiefererlohnfuerfrauen_turnen.mp3\"><\/audio><\/figure>\n\n<\/div><\/details><\/div>\n\n<div class=\"lightweight-accordion\"><details><summary class=\"lightweight-accordion-title\"><span><i class=\"fas fa-microphone-lines\"><\/i> Hedi Bischofberger \u2013 Wahl der Lehrpersonen (Aufnahme 2021)<\/span><\/summary><div class=\"lightweight-accordion-body\">\n\n<p>Hedi Bischofberger, Primarlehrerin, Jahrgang 1931, gestorben 2021, Ausschnitt aus dem Erz\u00e4hlcaf\u00e9 \u00abAus der Schule geplaudert\u00bb, 30. Mai 2021<\/p>\n\n\n\n<figure class=\"wp-block-audio\"><audio controls src=\"https:\/\/www.horwimwandel.ch\/cms\/wp-content\/uploads\/2023\/04\/ausderschulegeplaudert_hedi_bischofsberger_wahlderlehrpersonen.mp3\"><\/audio><\/figure>\n\n<\/div><\/details><\/div>\n\n<div class=\"lightweight-accordion\"><details><summary class=\"lightweight-accordion-title\"><span><i class=\"fas fa-microphone-lines\"><\/i> Seppi Studhalter \u2013 Warum ich nicht in den Kindergarten ging (Aufnahme 2022)<\/span><\/summary><div class=\"lightweight-accordion-body\">\n\n<p><span class='tooltipsall tooltipsincontent classtoolTips5'>Seppi Studhalter:<\/span> Interview vom 2. August 2022<\/p>\n\n\n\n<figure class=\"wp-block-audio\"><audio controls src=\"https:\/\/www.horwimwandel.ch\/cms\/wp-content\/uploads\/2023\/04\/studhalter_kindergarten.mp3\"><\/audio><\/figure>\n\n<\/div><\/details><\/div>\n\n<div class=\"lightweight-accordion\"><details><summary class=\"lightweight-accordion-title\"><span><i class=\"fas fa-microphone-lines\"><\/i> Seppi Studhalter \u2013 Ausbruch aus dem Schulzimmer (Aufnahme 2022)<\/span><\/summary><div class=\"lightweight-accordion-body\">\n\n<p><span class='tooltipsall tooltipsincontent classtoolTips5'>Seppi Studhalter:<\/span> Interview vom 2. August 2022<\/p>\n\n\n\n<figure class=\"wp-block-audio\"><audio controls src=\"https:\/\/www.horwimwandel.ch\/cms\/wp-content\/uploads\/2023\/04\/studhalter_religionsunterricht.mp3\"><\/audio><\/figure>\n\n<\/div><\/details><\/div>\n\n<div class=\"lightweight-accordion\"><details><summary class=\"lightweight-accordion-title\"><span><i class=\"fas fa-microphone-lines\"><\/i> Theo Niederberger \u2013 Arm und Reich im selben Klassenzimmer (Aufnahme 2022)<\/span><\/summary><div class=\"lightweight-accordion-body\">\n\n<p><span class='tooltipsall tooltipsincontent classtoolTips4'>Theo Niederberger:<\/span> Interview vom 24. Mai 2022<\/p>\n\n\n\n<figure class=\"wp-block-audio\"><audio controls src=\"https:\/\/www.horwimwandel.ch\/cms\/wp-content\/uploads\/2023\/04\/theo_niederberger_bubbleXX_schule_parfmuemtunti.mp3\"><\/audio><\/figure>\n\n<\/div><\/details><\/div>\n\n\n<h2 class=\"wp-block-heading\">Filmnacht 2016<\/h2>\n\n\n<div class=\"lightweight-accordion\"><details><summary class=\"lightweight-accordion-title\"><span><i class=\"far fa-file-lines\"><\/i> Junge Filmerinnen zwischen Spass, Stress und Kuhmist (2016)<\/span><\/summary><div class=\"lightweight-accordion-body\">\n\n<p>Jugendliche drehen Kurzfilme zur Halbinsel \u2013 mit tollen Ergebnissen. <\/p>\n\n\n\n<p><a href=\"https:\/\/www.horwimwandel.ch\/cms\/wp-content\/uploads\/2023\/04\/filme_5_ps.pdf\">Beitrag in der Luzerner Zeitung, 26. Februar 2016<\/a><\/p>\n\n<\/div><\/details><\/div>\n\n<div class=\"lightweight-accordion\"><details><summary class=\"lightweight-accordion-title\"><span><i class=\"fas fa-video\"><\/i> Vier Seiten der Horwer Halbinsel (2016)<\/span><\/summary><div class=\"lightweight-accordion-body\">\n\n<p>Projektbeitrag aus der 3. Klasse der Sekundarschule f\u00fcr die Filmnacht 2016<\/p>\n\n\n\n<figure class=\"wp-block-embed is-type-video is-provider-youtube wp-block-embed-youtube wp-embed-aspect-16-9 wp-has-aspect-ratio\"><div class=\"wp-block-embed__wrapper\">\n<iframe loading=\"lazy\" title=\"Filmnacht 2016: Vier Seiten der Horwer Halbinsel.Beitrag aus der 3. Klasse der Sekundarschule.\" width=\"500\" height=\"281\" src=\"https:\/\/www.youtube.com\/embed\/2TzhNQz3gnk?feature=oembed\" frameborder=\"0\" allow=\"accelerometer; autoplay; clipboard-write; encrypted-media; gyroscope; picture-in-picture; web-share\" referrerpolicy=\"strict-origin-when-cross-origin\" allowfullscreen><\/iframe>\n<\/div><\/figure>\n\n<\/div><\/details><\/div>\n\n<div class=\"lightweight-accordion\"><details><summary class=\"lightweight-accordion-title\"><span><i class=\"fas fa-video\"><\/i> Der Marathonl\u00e4ufer (2016)<\/span><\/summary><div class=\"lightweight-accordion-body\">\n\n<p>Projektbeitrag aus der 3. Klasse der Sekundarschule f\u00fcr die Filmnacht 2016<\/p>\n\n\n\n<figure class=\"wp-block-embed is-type-video is-provider-youtube wp-block-embed-youtube wp-embed-aspect-16-9 wp-has-aspect-ratio\"><div class=\"wp-block-embed__wrapper\">\n<iframe loading=\"lazy\" title=\"Filmnacht 2016: Der Marathonl\u00e4ufer. Beitrag aus der 3. Klasse der Sekundarschule.\" width=\"500\" height=\"281\" src=\"https:\/\/www.youtube.com\/embed\/T1JGkCbFewg?feature=oembed\" frameborder=\"0\" allow=\"accelerometer; autoplay; clipboard-write; encrypted-media; gyroscope; picture-in-picture; web-share\" referrerpolicy=\"strict-origin-when-cross-origin\" allowfullscreen><\/iframe>\n<\/div><\/figure>\n\n<\/div><\/details><\/div>\n\n<div class=\"lightweight-accordion\"><details><summary class=\"lightweight-accordion-title\"><span><i class=\"fas fa-video\"><\/i> In guten H\u00e4nden (2016)<\/span><\/summary><div class=\"lightweight-accordion-body\">\n\n<p>Projektbeitrag aus der 3. Klasse der Sekundarschule f\u00fcr die Filmnacht 2016<\/p>\n\n\n\n<figure class=\"wp-block-embed is-type-video is-provider-youtube wp-block-embed-youtube wp-embed-aspect-16-9 wp-has-aspect-ratio\"><div class=\"wp-block-embed__wrapper\">\n<iframe loading=\"lazy\" title=\"Filmnacht 2016: In guten H\u00e4nden. Projektbeitrag aus der 3. Klasse der Sekundarschule.\" width=\"500\" height=\"281\" src=\"https:\/\/www.youtube.com\/embed\/beuAqCaeX0Y?feature=oembed\" frameborder=\"0\" allow=\"accelerometer; autoplay; clipboard-write; encrypted-media; gyroscope; picture-in-picture; web-share\" referrerpolicy=\"strict-origin-when-cross-origin\" allowfullscreen><\/iframe>\n<\/div><\/figure>\n\n<\/div><\/details><\/div>\n\n<div class=\"lightweight-accordion\"><details><summary class=\"lightweight-accordion-title\"><span><i class=\"fas fa-video\"><\/i> Der Geist im Bireggwald (2016)<\/span><\/summary><div class=\"lightweight-accordion-body\">\n\n<p>Projektbeitrag aus der 3. Klasse der Sekundarschule f\u00fcr die Filmnacht 2016<\/p>\n\n\n\n<figure class=\"wp-block-embed is-type-video is-provider-youtube wp-block-embed-youtube wp-embed-aspect-16-9 wp-has-aspect-ratio\"><div class=\"wp-block-embed__wrapper\">\n<iframe loading=\"lazy\" title=\"Filmnacht 2016: Der Geist im Bireggwald. Beitrag aus der 3. Klasse der Sekundarschule.\" width=\"500\" height=\"281\" src=\"https:\/\/www.youtube.com\/embed\/EbZZkCwX7So?feature=oembed\" frameborder=\"0\" allow=\"accelerometer; autoplay; clipboard-write; encrypted-media; gyroscope; picture-in-picture; web-share\" referrerpolicy=\"strict-origin-when-cross-origin\" allowfullscreen><\/iframe>\n<\/div><\/figure>\n\n<\/div><\/details><\/div>\n\n<div class=\"lightweight-accordion\"><details><summary class=\"lightweight-accordion-title\"><span><i class=\"fas fa-video\"><\/i> Das ewige Warten (2016)<\/span><\/summary><div class=\"lightweight-accordion-body\">\n\n<p>Projektbeitrag aus der 3. Klasse der Sekundarschule f\u00fcr die Filmnacht 2016<\/p>\n\n\n\n<figure class=\"wp-block-embed is-type-video is-provider-youtube wp-block-embed-youtube wp-embed-aspect-16-9 wp-has-aspect-ratio\"><div class=\"wp-block-embed__wrapper\">\n<iframe loading=\"lazy\" title=\"Filmnacht 2016: Das ewige Warten. Beitrag aus der 3. Klasse der Sekundarschule.\" width=\"500\" height=\"281\" src=\"https:\/\/www.youtube.com\/embed\/I755LlkkwHM?feature=oembed\" frameborder=\"0\" allow=\"accelerometer; autoplay; clipboard-write; encrypted-media; gyroscope; picture-in-picture; web-share\" referrerpolicy=\"strict-origin-when-cross-origin\" allowfullscreen><\/iframe>\n<\/div><\/figure>\n\n<\/div><\/details><\/div>\n\n<div class=\"lightweight-accordion\"><details><summary class=\"lightweight-accordion-title\"><span><i class=\"fas fa-video\"><\/i> Menschenfresser (2016)<\/span><\/summary><div class=\"lightweight-accordion-body\">\n\n<p>Projektbeitrag aus der 3. Klasse der Sekundarschule f\u00fcr die Filmnacht 2016<\/p>\n\n\n\n<figure class=\"wp-block-embed is-type-video is-provider-youtube wp-block-embed-youtube wp-embed-aspect-4-3 wp-has-aspect-ratio\"><div class=\"wp-block-embed__wrapper\">\n<iframe loading=\"lazy\" title=\"Filmnacht 2016: Menschenfresser, Beitrag aus der 3. Klasse der Sekundarschule.\" width=\"500\" height=\"375\" src=\"https:\/\/www.youtube.com\/embed\/vIXyrYdO3jE?feature=oembed\" frameborder=\"0\" allow=\"accelerometer; autoplay; clipboard-write; encrypted-media; gyroscope; picture-in-picture; web-share\" referrerpolicy=\"strict-origin-when-cross-origin\" allowfullscreen><\/iframe>\n<\/div><\/figure>\n\n<\/div><\/details><\/div>\n\n<div class=\"lightweight-accordion\"><details><summary class=\"lightweight-accordion-title\"><span><i class=\"fas fa-video\"><\/i> Horwer Halbinsel (2016)<\/span><\/summary><div class=\"lightweight-accordion-body\">\n\n<p>Projektbeitrag aus der 3. Klasse der Sekundarschule f\u00fcr die Filmnacht 2016<\/p>\n\n\n\n<figure class=\"wp-block-embed is-type-video is-provider-youtube wp-block-embed-youtube wp-embed-aspect-16-9 wp-has-aspect-ratio\"><div class=\"wp-block-embed__wrapper\">\n<iframe loading=\"lazy\" title=\"Filmnacht 2016: Horwer Halbinsel. Beitrag aus der 3. Klasse der Sekundarschule.\" width=\"500\" height=\"281\" src=\"https:\/\/www.youtube.com\/embed\/xg6vREyGaus?feature=oembed\" frameborder=\"0\" allow=\"accelerometer; autoplay; clipboard-write; encrypted-media; gyroscope; picture-in-picture; web-share\" referrerpolicy=\"strict-origin-when-cross-origin\" allowfullscreen><\/iframe>\n<\/div><\/figure>\n\n<\/div><\/details><\/div><script type=\"text\/javascript\"> toolTips('.classtoolTips4','<img class=\"alignnone size-medium wp-image-3054\" src=\"https:\/\/www.horwimwandel.ch\/cms\/wp-content\/uploads\/2023\/04\/Theo-Niederberger-247x300.jpg\" alt=\"\" width=\"247\" height=\"300\" \/><br\/><br\/>Theo Niederberger, ehemaliger Brieftr\u00e4ger und ehemaliger Einwohnerrat, Jahrgang 1944'); <\/script><script type=\"text\/javascript\"> toolTips('.classtoolTips5','<img class=\"alignnone size-medium wp-image-3134\" src=\"https:\/\/www.horwimwandel.ch\/cms\/wp-content\/uploads\/2023\/04\/Seppi-Studhalter-224x300.jpg\" alt=\"\" width=\"224\" height=\"300\" \/><br\/><br\/>Seppi Studhalter, ehemaliger Brieftr\u00e4ger, Jahrgang 1947.'); <\/script>","protected":false},"excerpt":{"rendered":"<p>Schulgeschichten Filmnacht 2016<\/p>\n","protected":false},"author":1,"featured_media":0,"parent":2300,"menu_order":5,"comment_status":"closed","ping_status":"closed","template":"","meta":{"footnotes":""},"class_list":["post-2831","page","type-page","status-publish","hentry"],"_links":{"self":[{"href":"https:\/\/www.horwimwandel.ch\/cms\/wp-json\/wp\/v2\/pages\/2831","targetHints":{"allow":["GET"]}}],"collection":[{"href":"https:\/\/www.horwimwandel.ch\/cms\/wp-json\/wp\/v2\/pages"}],"about":[{"href":"https:\/\/www.horwimwandel.ch\/cms\/wp-json\/wp\/v2\/types\/page"}],"author":[{"embeddable":true,"href":"https:\/\/www.horwimwandel.ch\/cms\/wp-json\/wp\/v2\/users\/1"}],"replies":[{"embeddable":true,"href":"https:\/\/www.horwimwandel.ch\/cms\/wp-json\/wp\/v2\/comments?post=2831"}],"version-history":[{"count":32,"href":"https:\/\/www.horwimwandel.ch\/cms\/wp-json\/wp\/v2\/pages\/2831\/revisions"}],"predecessor-version":[{"id":3515,"href":"https:\/\/www.horwimwandel.ch\/cms\/wp-json\/wp\/v2\/pages\/2831\/revisions\/3515"}],"up":[{"embeddable":true,"href":"https:\/\/www.horwimwandel.ch\/cms\/wp-json\/wp\/v2\/pages\/2300"}],"wp:attachment":[{"href":"https:\/\/www.horwimwandel.ch\/cms\/wp-json\/wp\/v2\/media?parent=2831"}],"curies":[{"name":"wp","href":"https:\/\/api.w.org\/{rel}","templated":true}]}}