{"id":2920,"date":"2023-04-26T11:41:44","date_gmt":"2023-04-26T11:41:44","guid":{"rendered":"https:\/\/www.horwimwandel.ch\/cms\/?page_id=2920"},"modified":"2023-07-17T10:13:52","modified_gmt":"2023-07-17T10:13:52","slug":"menschen","status":"publish","type":"page","link":"https:\/\/www.horwimwandel.ch\/cms\/menschen\/","title":{"rendered":"Menschen"},"content":{"rendered":"\n<h1 class=\"wp-block-heading\">Menschen<\/h1>\n\n\n<div class=\"lightweight-accordion\"><details><summary class=\"lightweight-accordion-title\"><span><i class=\"fas fa-video\"><\/i> Vorbereitungen f\u00fcr den Empfang von Bundesrat Alphons Egli durch eine Horwer Schulklasse (1985)<\/span><\/summary><div class=\"lightweight-accordion-body\">\n\n<p>DRS aktuell SRF, 11. Dezember 1985, im Beitrag ab 17:30 Minuten<\/p>\n\n\n\n<p><iframe loading=\"lazy\" src=\"https:\/\/www.srf.ch\/play\/embed?urn=urn:srf:video:3e98608e-bea1-4fdd-b5d5-27f261491a1b&amp;subdivisions=false\" allowfullscreen=\"\" allow=\"geolocation *; autoplay; encrypted-media\" width=\"1200\" height=\"675\"><\/iframe><\/p>\n\n<\/div><\/details><\/div>\n\n<div class=\"lightweight-accordion\"><details><summary class=\"lightweight-accordion-title\"><span><i class=\"far fa-file-lines\"><\/i> Olga Urfer \u2013 Eine Frau, die ihren Mann steht (1988)<\/span><\/summary><div class=\"lightweight-accordion-body\">\n\n<p><a href=\"https:\/\/www.horwimwandel.ch\/cms\/wp-content\/uploads\/2023\/04\/198805-olga_urfer_teleg_07-z.pdf\">Bericht in der Zeitung \u00abTelegraph\u00bb, Mai 1988<\/a><\/p>\n\n<\/div><\/details><\/div>\n\n<div class=\"lightweight-accordion\"><details><summary class=\"lightweight-accordion-title\"><span><i class=\"far fa-file-lines\"><\/i> Arbeitslosigkeit macht w\u00fctend (2004)<\/span><\/summary><div class=\"lightweight-accordion-body\">\n\n<div class=\"wp-block-media-text alignwide is-stacked-on-mobile is-vertically-aligned-top\" style=\"grid-template-columns:25% auto\"><figure class=\"wp-block-media-text__media\"><a href=\"https:\/\/www.horwimwandel.ch\/cms\/wp-content\/uploads\/2023\/04\/Sarah-Kaegi.jpg\"><img loading=\"lazy\" decoding=\"async\" width=\"763\" height=\"1024\" src=\"https:\/\/www.horwimwandel.ch\/cms\/wp-content\/uploads\/2023\/04\/Sarah-Kaegi-763x1024.jpg\" alt=\"\" class=\"wp-image-2945 size-full\" srcset=\"https:\/\/www.horwimwandel.ch\/cms\/wp-content\/uploads\/2023\/04\/Sarah-Kaegi-763x1024.jpg 763w, https:\/\/www.horwimwandel.ch\/cms\/wp-content\/uploads\/2023\/04\/Sarah-Kaegi-223x300.jpg 223w, https:\/\/www.horwimwandel.ch\/cms\/wp-content\/uploads\/2023\/04\/Sarah-Kaegi-768x1031.jpg 768w, https:\/\/www.horwimwandel.ch\/cms\/wp-content\/uploads\/2023\/04\/Sarah-Kaegi-1144x1536.jpg 1144w, https:\/\/www.horwimwandel.ch\/cms\/wp-content\/uploads\/2023\/04\/Sarah-Kaegi-800x1074.jpg 800w, https:\/\/www.horwimwandel.ch\/cms\/wp-content\/uploads\/2023\/04\/Sarah-Kaegi.jpg 1240w\" sizes=\"auto, (max-width: 763px) 100vw, 763px\" \/><\/a><\/figure><div class=\"wp-block-media-text__content\">\n<p>Sarah-Jane K\u00e4gi, 18, hat keine Lehrstelle, weil sie gerne Kindererzieherin werden m\u00f6chte. Beitrag in der Schweizer Illustrierten, 27. September 2004.<br><br><i class=\"fas fa-arrow-left-long\"><\/i> Zum vergr\u00f6ssern Bild anklicken<\/p>\n<\/div><\/div>\n\n<\/div><\/details><\/div>\n\n<div class=\"lightweight-accordion\"><details><summary class=\"lightweight-accordion-title\"><span><i class=\"far fa-file-lines\"><\/i> DJ Bobo hat sein neues Haus bezogen (2008)<\/span><\/summary><div class=\"lightweight-accordion-body\">\n\n<p><a href=\"http:\/\/www.djbobo-nrw.de\/html\/news\/x2008\/03_maerz\/02.03.2008_02\/index.html\">Bericht auf der Webseite djbobo-nrw.ch, 2. M\u00e4rz 2008<\/a><\/p>\n\n\n\n<p><\/p>\n\n<\/div><\/details><\/div>\n\n<div class=\"lightweight-accordion\"><details><summary class=\"lightweight-accordion-title\"><span><i class=\"far fa-file-lines\"><\/i> Sie sorgen daf\u00fcr, dass wir in einer sauberen Stadt leben d\u00fcrfen (2014)<\/span><\/summary><div class=\"lightweight-accordion-body\">\n\n<div class=\"wp-block-media-text alignwide is-stacked-on-mobile is-vertically-aligned-top\" style=\"grid-template-columns:25% auto\"><figure class=\"wp-block-media-text__media\"><a href=\"https:\/\/www.horwimwandel.ch\/cms\/wp-content\/uploads\/2023\/04\/201410-Portraet-Strassenputzer-Horw-25407571.jpg\"><img loading=\"lazy\" decoding=\"async\" width=\"698\" height=\"1024\" src=\"https:\/\/www.horwimwandel.ch\/cms\/wp-content\/uploads\/2023\/04\/201410-Portraet-Strassenputzer-Horw-25407571-698x1024.jpg\" alt=\"\" class=\"wp-image-2960 size-full\" srcset=\"https:\/\/www.horwimwandel.ch\/cms\/wp-content\/uploads\/2023\/04\/201410-Portraet-Strassenputzer-Horw-25407571-698x1024.jpg 698w, https:\/\/www.horwimwandel.ch\/cms\/wp-content\/uploads\/2023\/04\/201410-Portraet-Strassenputzer-Horw-25407571-204x300.jpg 204w, https:\/\/www.horwimwandel.ch\/cms\/wp-content\/uploads\/2023\/04\/201410-Portraet-Strassenputzer-Horw-25407571-768x1127.jpg 768w, https:\/\/www.horwimwandel.ch\/cms\/wp-content\/uploads\/2023\/04\/201410-Portraet-Strassenputzer-Horw-25407571-1046x1536.jpg 1046w, https:\/\/www.horwimwandel.ch\/cms\/wp-content\/uploads\/2023\/04\/201410-Portraet-Strassenputzer-Horw-25407571-800x1174.jpg 800w, https:\/\/www.horwimwandel.ch\/cms\/wp-content\/uploads\/2023\/04\/201410-Portraet-Strassenputzer-Horw-25407571.jpg 1261w\" sizes=\"auto, (max-width: 698px) 100vw, 698px\" \/><\/a><\/figure><div class=\"wp-block-media-text__content\">\n<p>Portr\u00e4t eines Strassenputzers aus Horw. Neue Luzerner Zeitung, 13. November 2014<br><br><i class=\"fas fa-arrow-left-long\"><\/i> Zum vergr\u00f6ssern Bild anklicken<\/p>\n<\/div><\/div>\n\n<\/div><\/details><\/div>\n\n<div class=\"lightweight-accordion\"><details><summary class=\"lightweight-accordion-title\"><span><i class=\"fas fa-radio\"><\/i> Die Posthalter von Kastanienbaum (2017) <\/span><\/summary><div class=\"lightweight-accordion-body\">\n\n<p>Regional Diagonal SRF, 20. Mai 2017<\/p>\n\n\n\n<p><iframe loading=\"lazy\" src=\"https:\/\/www.srf.ch\/play\/embed?urn=urn:srf:audio:a6cb8f2a-d65a-4507-a795-a4a530750ce1&amp;subdivisions=false\" allowfullscreen=\"\" allow=\"geolocation *; autoplay; encrypted-media\" width=\"560\" height=\"315\"><\/iframe><\/p>\n\n<\/div><\/details><\/div>\n\n<div class=\"lightweight-accordion\"><details><summary class=\"lightweight-accordion-title\"><span><i class=\"far fa-file-lines\"><\/i> Drei Generationen am Postschalter (2018)<\/span><\/summary><div class=\"lightweight-accordion-body\">\n\n<div class=\"wp-block-media-text alignwide is-stacked-on-mobile is-vertically-aligned-top\" style=\"grid-template-columns:25% auto\"><figure class=\"wp-block-media-text__media\"><a href=\"https:\/\/www.horwimwandel.ch\/cms\/wp-content\/uploads\/2023\/04\/201609-Posthalter-Famlie-Zurflueh-30519779.jpg\"><img loading=\"lazy\" decoding=\"async\" width=\"698\" height=\"1024\" src=\"https:\/\/www.horwimwandel.ch\/cms\/wp-content\/uploads\/2023\/04\/201609-Posthalter-Famlie-Zurflueh-30519779-698x1024.jpg\" alt=\"\" class=\"wp-image-2963 size-full\" srcset=\"https:\/\/www.horwimwandel.ch\/cms\/wp-content\/uploads\/2023\/04\/201609-Posthalter-Famlie-Zurflueh-30519779-698x1024.jpg 698w, https:\/\/www.horwimwandel.ch\/cms\/wp-content\/uploads\/2023\/04\/201609-Posthalter-Famlie-Zurflueh-30519779-204x300.jpg 204w, https:\/\/www.horwimwandel.ch\/cms\/wp-content\/uploads\/2023\/04\/201609-Posthalter-Famlie-Zurflueh-30519779-768x1127.jpg 768w, https:\/\/www.horwimwandel.ch\/cms\/wp-content\/uploads\/2023\/04\/201609-Posthalter-Famlie-Zurflueh-30519779-1046x1536.jpg 1046w, https:\/\/www.horwimwandel.ch\/cms\/wp-content\/uploads\/2023\/04\/201609-Posthalter-Famlie-Zurflueh-30519779-800x1174.jpg 800w, https:\/\/www.horwimwandel.ch\/cms\/wp-content\/uploads\/2023\/04\/201609-Posthalter-Famlie-Zurflueh-30519779.jpg 1261w\" sizes=\"auto, (max-width: 698px) 100vw, 698px\" \/><\/a><\/figure><div class=\"wp-block-media-text__content\">\n<p>Der Name Zurfl\u00fch stand fast 100 Jahre lang f\u00fcr den Posthalter in Kastanienbaum \u2013 sogar der erste Lebensmittelladen im Quartier geht auf die Familie zur\u00fcck. Sie wird jetzt zum Filmthema. Bericht in der Luzerner Zeitung, 15. Oktober 2018.<br><br><i class=\"fas fa-arrow-left-long\"><\/i> Zum vergr\u00f6ssern Bild anklicken<\/p>\n<\/div><\/div>\n\n<\/div><\/details><\/div>\n\n<div class=\"lightweight-accordion\"><details><summary class=\"lightweight-accordion-title\"><span><i class=\"fas fa-video\"><\/i> Hans Seeberger \u2013 Lieblingsort Horw (2019)<\/span><\/summary><div class=\"lightweight-accordion-body\">\n\n<p>Den pensionierten Polizisten Hans Seeberger zog es in jungen Jahren der Liebe wegen nach Horw, wo er seither mit seiner Familie lebt. Im Rahmen der SRF-Sendung \u00abMini Schwiiz &#8211; dini Schwiiz\u00bb pr\u00e4sentiert er Horw. SRF, 29. August 2019<\/p>\n\n\n\n<p><iframe loading=\"lazy\" src=\"https:\/\/www.srf.ch\/play\/embed?urn=urn:srf:video:7f262565-1819-4af1-b333-7ffe16dc9786&amp;subdivisions=false\" allowfullscreen=\"\" allow=\"geolocation *; autoplay; encrypted-media\" width=\"1200\" height=\"675\"><\/iframe><\/p>\n\n<\/div><\/details><\/div>\n\n<div class=\"lightweight-accordion\"><details><summary class=\"lightweight-accordion-title\"><span><i class=\"fas fa-video\"><\/i> Andy Hug \u2013 Vom Rocky zum Samurai (2020)<\/span><\/summary><div class=\"lightweight-accordion-body\">\n\n<p>In Japan galt er als \u00abSamurai mit den blauen Augen\u00bb. Als Andy Hug aus Horw 2020 in Tokio mit 36 Jahren stirbt, kommen Zehntausende an seine Beerdigung. Der Film zeigt die unglaubliche Karriere des Schweizer Kickboxers, der in Japan riesige Arenen f\u00fcllte und die Herzen der Japaner eroberte. DOK SRF, 24. August 2020<\/p>\n\n\n\n<p><iframe loading=\"lazy\" src=\"https:\/\/www.srf.ch\/play\/embed?urn=urn:srf:video:5e45f044-be02-4a77-a05c-bc51b0899455&amp;subdivisions=false\" allowfullscreen=\"\" allow=\"geolocation *; autoplay; encrypted-media\" width=\"1200\" height=\"675\"><\/iframe><\/p>\n\n<\/div><\/details><\/div>\n\n<div class=\"lightweight-accordion\"><details><summary class=\"lightweight-accordion-title\"><span><i class=\"fas fa-video\"><\/i> Der Schweizer Fussbal trauert um Paul Wolfisberg (2020)<\/span><\/summary><div class=\"lightweight-accordion-body\">\n\n<p>Der ehemalige Nationaltrainer ist im Alter von 87 Jahren in Horw verstorben. <\/p>\n\n\n\n<p><a href=\"https:\/\/www.srf.ch\/play\/tv\/redirect\/detail\/d0eeecb7-a081-42a1-8025-030e34ac693a\" target=\"_blank\" rel=\"noreferrer noopener\">Sport-Clip SRF, 24. August 2020<\/a><\/p>\n\n<\/div><\/details><\/div>\n\n<div class=\"lightweight-accordion\"><details><summary class=\"lightweight-accordion-title\"><span><i class=\"fas fa-microphone-lines\"><\/i> Pirmin (Pee) Wirz erz\u00e4hlt (Aufnahme 2021)<\/span><\/summary><div class=\"lightweight-accordion-body\">\n\n<p>Leads\u00e4nger und Musiker Pirmin (Pee) Wirz erz\u00e4hlt, Ausschnitte aus dem Erz\u00e4hlcaf\u00e9 \u00abVom Jodel zum Rock\u00bb, 24. Oktober 2021<\/p>\n\n\n\n<figure class=\"wp-block-audio\"><audio controls src=\"https:\/\/www.horwimwandel.ch\/cms\/wp-content\/uploads\/2023\/04\/vomjodelzumrock_pirmin_wirz_bubble7_b.mp3\"><\/audio><\/figure>\n\n<\/div><\/details><\/div>\n\n<div class=\"lightweight-accordion\"><details><summary class=\"lightweight-accordion-title\"><span><i class=\"fas fa-microphone-lines\"><\/i> Wolfgang Sieber \u2013 Leben f\u00fcr die Musik (Aufnahme 2022)<\/span><\/summary><div class=\"lightweight-accordion-body\">\n\n<p>Wolfgang Sieber erz\u00e4hlt, Ausschnitt aus dem Erz\u00e4hlcaf\u00e9 \u00abGegen den Strom\u00bb, 6. M\u00e4rz 2022<\/p>\n\n\n\n<figure class=\"wp-block-audio\"><audio controls src=\"https:\/\/www.horwimwandel.ch\/cms\/wp-content\/uploads\/2023\/04\/gegendenstrom_wolfgang_sierber_bubbleXX.mp3\"><\/audio><\/figure>\n\n<\/div><\/details><\/div>\n\n<div class=\"lightweight-accordion\"><details><summary class=\"lightweight-accordion-title\"><span><i class=\"fas fa-microphone-lines\"><\/i>  Alois Kaufmann &#8211; Domini auf Chiltgang (Aufnahme 2022)   <\/span><\/summary><div class=\"lightweight-accordion-body\">\n\n<p><span class='tooltipsall tooltipsincontent classtoolTips7'>Alois Kaufmann:<\/span> Interview vom 2.12.2022<\/p>\n\n\n\n<figure class=\"wp-block-audio\"><audio controls src=\"https:\/\/www.horwimwandel.ch\/cms\/wp-content\/uploads\/2023\/07\/alois_kaufmann_domini_chiltgang.mp3\"><\/audio><\/figure>\n\n<\/div><\/details><\/div>\n\n<div class=\"lightweight-accordion\"><details><summary class=\"lightweight-accordion-title\"><span><i class=\"fas fa-microphone-lines\"><\/i>  Alois Kaufmann &#8211;  der Korporationspr\u00e4sident auf Abwegen (Aufnahme 2022)   <\/span><\/summary><div class=\"lightweight-accordion-body\">\n\n<p><span class='tooltipsall tooltipsincontent classtoolTips7'>Alois Kaufmann:<\/span> Interview vom 2.12.2022<\/p>\n\n\n\n<figure class=\"wp-block-audio\"><audio controls src=\"https:\/\/www.horwimwandel.ch\/cms\/wp-content\/uploads\/2023\/07\/alois_kaufmann_korporationspraesident_-schuermattbaeni.mp3\"><\/audio><\/figure>\n\n<\/div><\/details><\/div>\n\n<div class=\"lightweight-accordion\"><details><summary class=\"lightweight-accordion-title\"><span><i class=\"fas fa-microphone-lines\"><\/i>  Alex Haggenm\u00fcller &#8211; Andy Hug, hart im Austeilen und im Nehmen (Aufnahme 2023)   <\/span><\/summary><div class=\"lightweight-accordion-body\">\n\n<p><span class='tooltipsall tooltipsincontent classtoolTips0'>Alex Haggenm\u00fcller:<\/span> Interview vom 8.2.2023<\/p>\n\n\n\n<figure class=\"wp-block-audio\"><audio controls src=\"https:\/\/www.horwimwandel.ch\/cms\/wp-content\/uploads\/2023\/07\/alex_haggenmueller_andy_hug.mp3\"><\/audio><\/figure>\n\n<\/div><\/details><\/div><script type=\"text\/javascript\"> toolTips('.classtoolTips0','<img class=\"alignnone size-medium wp-image-3138\" src=\"https:\/\/www.horwimwandel.ch\/cms\/wp-content\/uploads\/2023\/04\/Alex-Haggenmueller-300x225.jpg\" alt=\"\" width=\"300\" height=\"225\" \/><br\/><br\/>Alex Haggenm\u00fcller, ehemaliger Turnlehrer und ehemaliger Gemeindepr\u00e4sident, Jahrgang 1944.'); <\/script><script type=\"text\/javascript\"> toolTips('.classtoolTips7','<img class=\"alignnone size-medium wp-image-3139\" src=\"https:\/\/www.horwimwandel.ch\/cms\/wp-content\/uploads\/2023\/04\/Alois-Kaufmann-235x300.jpg\" alt=\"\" width=\"235\" height=\"300\" \/><br\/><br\/>Alois Kaufmann, ehemaliger Architekt und ehemaliger Korporationspr\u00e4sident, Jahrgang 1941.'); <\/script>","protected":false},"excerpt":{"rendered":"<p>Menschen<\/p>\n","protected":false},"author":1,"featured_media":0,"parent":0,"menu_order":0,"comment_status":"closed","ping_status":"closed","template":"","meta":{"footnotes":""},"class_list":["post-2920","page","type-page","status-publish","hentry"],"_links":{"self":[{"href":"https:\/\/www.horwimwandel.ch\/cms\/wp-json\/wp\/v2\/pages\/2920","targetHints":{"allow":["GET"]}}],"collection":[{"href":"https:\/\/www.horwimwandel.ch\/cms\/wp-json\/wp\/v2\/pages"}],"about":[{"href":"https:\/\/www.horwimwandel.ch\/cms\/wp-json\/wp\/v2\/types\/page"}],"author":[{"embeddable":true,"href":"https:\/\/www.horwimwandel.ch\/cms\/wp-json\/wp\/v2\/users\/1"}],"replies":[{"embeddable":true,"href":"https:\/\/www.horwimwandel.ch\/cms\/wp-json\/wp\/v2\/comments?post=2920"}],"version-history":[{"count":21,"href":"https:\/\/www.horwimwandel.ch\/cms\/wp-json\/wp\/v2\/pages\/2920\/revisions"}],"predecessor-version":[{"id":3629,"href":"https:\/\/www.horwimwandel.ch\/cms\/wp-json\/wp\/v2\/pages\/2920\/revisions\/3629"}],"wp:attachment":[{"href":"https:\/\/www.horwimwandel.ch\/cms\/wp-json\/wp\/v2\/media?parent=2920"}],"curies":[{"name":"wp","href":"https:\/\/api.w.org\/{rel}","templated":true}]}}